{"id":3085,"date":"2024-12-09T09:06:51","date_gmt":"2024-12-09T12:06:51","guid":{"rendered":"https:\/\/www.positivosmais.com\/politica-de-privacidad\/"},"modified":"2025-01-31T17:45:14","modified_gmt":"2025-01-31T20:45:14","slug":"politica-de-privacidad","status":"publish","type":"page","link":"https:\/\/www.positivosmais.com\/es\/politica-de-privacidad\/","title":{"rendered":"Pol\u00edtica de Privacidad"},"content":{"rendered":"\t\t<div data-elementor-type=\"wp-page\" data-elementor-id=\"3085\" class=\"elementor elementor-3085 elementor-925\" data-elementor-post-type=\"page\">\n\t\t\t\t<div class=\"elementor-element elementor-element-97ef740 e-flex e-con-boxed e-con e-parent\" data-id=\"97ef740\" data-element_type=\"container\" data-e-type=\"container\" data-settings=\"{&quot;jet_parallax_layout_list&quot;:[]}\">\n\t\t\t\t\t<div class=\"e-con-inner\">\n\t\t\t\t<div class=\"elementor-element elementor-element-dc41a7a elementor-widget elementor-widget-heading\" data-id=\"dc41a7a\" data-element_type=\"widget\" data-e-type=\"widget\" data-widget_type=\"heading.default\">\n\t\t\t\t<div class=\"elementor-widget-container\">\n\t\t\t\t\t<h1 class=\"elementor-heading-title elementor-size-default\">Pol\u00edtica de Privacidad<\/h1>\t\t\t\t<\/div>\n\t\t\t\t<\/div>\n\t\t\t\t\t<\/div>\n\t\t\t\t<\/div>\n\t\t<div class=\"elementor-element elementor-element-623b6ad e-flex e-con-boxed e-con e-parent\" data-id=\"623b6ad\" data-element_type=\"container\" data-e-type=\"container\" data-settings=\"{&quot;jet_parallax_layout_list&quot;:[]}\">\n\t\t\t\t\t<div class=\"e-con-inner\">\n\t\t\t\t<div class=\"elementor-element elementor-element-9aa239b elementor-nav-menu--stretch elementor-nav-menu--dropdown-tablet elementor-nav-menu__text-align-aside elementor-nav-menu--toggle elementor-nav-menu--burger elementor-widget elementor-widget-nav-menu\" data-id=\"9aa239b\" data-element_type=\"widget\" data-e-type=\"widget\" data-settings=\"{&quot;full_width&quot;:&quot;stretch&quot;,&quot;layout&quot;:&quot;horizontal&quot;,&quot;submenu_icon&quot;:{&quot;value&quot;:&quot;&lt;svg class=\\&quot;e-font-icon-svg e-fas-caret-down\\&quot; viewBox=\\&quot;0 0 320 512\\&quot; xmlns=\\&quot;http:\\\/\\\/www.w3.org\\\/2000\\\/svg\\&quot;&gt;&lt;path d=\\&quot;M31.3 192h257.3c17.8 0 26.7 21.5 14.1 34.1L174.1 354.8c-7.8 7.8-20.5 7.8-28.3 0L17.2 226.1C4.6 213.5 13.5 192 31.3 192z\\&quot;&gt;&lt;\\\/path&gt;&lt;\\\/svg&gt;&quot;,&quot;library&quot;:&quot;fa-solid&quot;},&quot;toggle&quot;:&quot;burger&quot;}\" data-widget_type=\"nav-menu.default\">\n\t\t\t\t<div class=\"elementor-widget-container\">\n\t\t\t\t\t\t\t\t<nav aria-label=\"Menu\" class=\"elementor-nav-menu--main elementor-nav-menu__container elementor-nav-menu--layout-horizontal e--pointer-underline e--animation-fade\">\n\t\t\t\t<ul id=\"menu-1-9aa239b\" class=\"elementor-nav-menu\"><li class=\"menu-item menu-item-type-post_type menu-item-object-page menu-item-994\"><a href=\"https:\/\/www.positivosmais.com\/politica-de-privacidade\/\" class=\"elementor-item\">Pol\u00edtica de Privacidad<\/a><\/li>\n<li class=\"menu-item menu-item-type-post_type menu-item-object-page menu-item-993\"><a href=\"https:\/\/www.positivosmais.com\/politica-de-cookies\/\" class=\"elementor-item\">Pol\u00edtica de Cookies<\/a><\/li>\n<li class=\"menu-item menu-item-type-post_type menu-item-object-page menu-item-992\"><a href=\"https:\/\/www.positivosmais.com\/politica-de-seguranca-da-informacao\/\" class=\"elementor-item\">Pol\u00edticas de Seguridad de la Informaci\u00f3n<\/a><\/li>\n<li class=\"menu-item menu-item-type-post_type menu-item-object-page menu-item-991\"><a href=\"https:\/\/www.positivosmais.com\/termos-de-uso\/\" class=\"elementor-item\">T\u00e9rminos y Condiciones de Uso<\/a><\/li>\n<li class=\"menu-item menu-item-type-post_type menu-item-object-page menu-item-990\"><a href=\"https:\/\/www.positivosmais.com\/lei-geral-de-protecao-de-dados\/\" class=\"elementor-item\">Ley General de Protecci\u00f3n de Datos<\/a><\/li>\n<\/ul>\t\t\t<\/nav>\n\t\t\t\t\t<div class=\"elementor-menu-toggle\" role=\"button\" tabindex=\"0\" aria-label=\"Alternar men\u00fa\" aria-expanded=\"false\">\n\t\t\t<svg aria-hidden=\"true\" role=\"presentation\" class=\"elementor-menu-toggle__icon--open e-font-icon-svg e-eicon-menu-bar\" viewBox=\"0 0 1000 1000\" xmlns=\"http:\/\/www.w3.org\/2000\/svg\"><path d=\"M104 333H896C929 333 958 304 958 271S929 208 896 208H104C71 208 42 237 42 271S71 333 104 333ZM104 583H896C929 583 958 554 958 521S929 458 896 458H104C71 458 42 487 42 521S71 583 104 583ZM104 833H896C929 833 958 804 958 771S929 708 896 708H104C71 708 42 737 42 771S71 833 104 833Z\"><\/path><\/svg><svg aria-hidden=\"true\" role=\"presentation\" class=\"elementor-menu-toggle__icon--close e-font-icon-svg e-eicon-close\" viewBox=\"0 0 1000 1000\" xmlns=\"http:\/\/www.w3.org\/2000\/svg\"><path d=\"M742 167L500 408 258 167C246 154 233 150 217 150 196 150 179 158 167 167 154 179 150 196 150 212 150 229 154 242 171 254L408 500 167 742C138 771 138 800 167 829 196 858 225 858 254 829L496 587 738 829C750 842 767 846 783 846 800 846 817 842 829 829 842 817 846 804 846 783 846 767 842 750 829 737L588 500 833 258C863 229 863 200 833 171 804 137 775 137 742 167Z\"><\/path><\/svg>\t\t<\/div>\n\t\t\t\t\t<nav class=\"elementor-nav-menu--dropdown elementor-nav-menu__container\" aria-hidden=\"true\">\n\t\t\t\t<ul id=\"menu-2-9aa239b\" class=\"elementor-nav-menu\"><li class=\"menu-item menu-item-type-post_type menu-item-object-page menu-item-994\"><a href=\"https:\/\/www.positivosmais.com\/politica-de-privacidade\/\" class=\"elementor-item\" tabindex=\"-1\">Pol\u00edtica de Privacidad<\/a><\/li>\n<li class=\"menu-item menu-item-type-post_type menu-item-object-page menu-item-993\"><a href=\"https:\/\/www.positivosmais.com\/politica-de-cookies\/\" class=\"elementor-item\" tabindex=\"-1\">Pol\u00edtica de Cookies<\/a><\/li>\n<li class=\"menu-item menu-item-type-post_type menu-item-object-page menu-item-992\"><a href=\"https:\/\/www.positivosmais.com\/politica-de-seguranca-da-informacao\/\" class=\"elementor-item\" tabindex=\"-1\">Pol\u00edticas de Seguridad de la Informaci\u00f3n<\/a><\/li>\n<li class=\"menu-item menu-item-type-post_type menu-item-object-page menu-item-991\"><a href=\"https:\/\/www.positivosmais.com\/termos-de-uso\/\" class=\"elementor-item\" tabindex=\"-1\">T\u00e9rminos y Condiciones de Uso<\/a><\/li>\n<li class=\"menu-item menu-item-type-post_type menu-item-object-page menu-item-990\"><a href=\"https:\/\/www.positivosmais.com\/lei-geral-de-protecao-de-dados\/\" class=\"elementor-item\" tabindex=\"-1\">Ley General de Protecci\u00f3n de Datos<\/a><\/li>\n<\/ul>\t\t\t<\/nav>\n\t\t\t\t\t\t<\/div>\n\t\t\t\t<\/div>\n\t\t\t\t\t<\/div>\n\t\t\t\t<\/div>\n\t\t<div class=\"elementor-element elementor-element-17b63ff e-flex e-con-boxed e-con e-parent\" data-id=\"17b63ff\" data-element_type=\"container\" data-e-type=\"container\" data-settings=\"{&quot;jet_parallax_layout_list&quot;:[]}\">\n\t\t\t\t\t<div class=\"e-con-inner\">\n\t\t<div class=\"elementor-element elementor-element-21d3ccf e-con-full e-flex e-con e-child\" data-id=\"21d3ccf\" data-element_type=\"container\" data-e-type=\"container\" data-settings=\"{&quot;jet_parallax_layout_list&quot;:[],&quot;sticky&quot;:&quot;top&quot;,&quot;sticky_on&quot;:[&quot;desktop&quot;],&quot;sticky_offset&quot;:100,&quot;sticky_effects_offset&quot;:0,&quot;sticky_anchor_link_offset&quot;:0}\">\n\t\t\t\t<div class=\"elementor-element elementor-element-3162fec elementor-widget elementor-widget-table-of-contents\" data-id=\"3162fec\" data-element_type=\"widget\" data-e-type=\"widget\" data-settings=\"{&quot;exclude_headings_by_selector&quot;:[],&quot;marker_view&quot;:&quot;bullets&quot;,&quot;icon&quot;:{&quot;value&quot;:&quot;&quot;,&quot;library&quot;:&quot;&quot;},&quot;no_headings_message&quot;:&quot;N\\u00e3o foram encontrados cabe\\u00e7alhos nesta p\\u00e1gina.&quot;,&quot;headings_by_tags&quot;:[&quot;h2&quot;,&quot;h3&quot;,&quot;h4&quot;,&quot;h5&quot;,&quot;h6&quot;],&quot;hierarchical_view&quot;:&quot;yes&quot;,&quot;min_height&quot;:{&quot;unit&quot;:&quot;px&quot;,&quot;size&quot;:&quot;&quot;,&quot;sizes&quot;:[]},&quot;min_height_tablet&quot;:{&quot;unit&quot;:&quot;px&quot;,&quot;size&quot;:&quot;&quot;,&quot;sizes&quot;:[]},&quot;min_height_mobile&quot;:{&quot;unit&quot;:&quot;px&quot;,&quot;size&quot;:&quot;&quot;,&quot;sizes&quot;:[]}}\" data-widget_type=\"table-of-contents.default\">\n\t\t\t\t<div class=\"elementor-widget-container\">\n\t\t\t\t\t\t\t<div class=\"elementor-toc__header\">\n\t\t\t<h4 class=\"elementor-toc__header-title\">\n\t\t\t\t\t\t\t<\/h4>\n\t\t\t\t\t<\/div>\n\t\t<div id=\"elementor-toc__3162fec\" class=\"elementor-toc__body\">\n\t\t\t<div class=\"elementor-toc__spinner-container\">\n\t\t\t\t<svg class=\"elementor-toc__spinner eicon-animation-spin e-font-icon-svg e-eicon-loading\" aria-hidden=\"true\" viewBox=\"0 0 1000 1000\" xmlns=\"http:\/\/www.w3.org\/2000\/svg\"><path d=\"M500 975V858C696 858 858 696 858 500S696 142 500 142 142 304 142 500H25C25 237 238 25 500 25S975 237 975 500 763 975 500 975Z\"><\/path><\/svg>\t\t\t<\/div>\n\t\t<\/div>\n\t\t\t\t\t\t<\/div>\n\t\t\t\t<\/div>\n\t\t\t\t<\/div>\n\t\t<div class=\"elementor-element elementor-element-611c72a e-con-full e-flex e-con e-child\" data-id=\"611c72a\" data-element_type=\"container\" data-e-type=\"container\" data-settings=\"{&quot;jet_parallax_layout_list&quot;:[]}\">\n\t\t\t\t<div class=\"elementor-element elementor-element-830a9ab elementor-widget elementor-widget-text-editor\" data-id=\"830a9ab\" data-element_type=\"widget\" data-e-type=\"widget\" data-widget_type=\"text-editor.default\">\n\t\t\t\t<div class=\"elementor-widget-container\">\n\t\t\t\t\t\t\t\t\t<h2><strong>1. Objetivo<\/strong><\/h2><p><span style=\"font-weight: 400;\">La presente Pol\u00edtica de Privacidad tiene como objetivo evidenciar el compromiso de Positivo S+ con la protecci\u00f3n de la privacidad y de los datos personales en su tratamiento por parte de la organizaci\u00f3n en sus procesos, sistemas y servicios, de tal forma que se establezcan las normas en cuanto a la recolecci\u00f3n, registro, almacenamiento, uso, compartici\u00f3n, enriquecimiento y eliminaci\u00f3n de los datos recopilados, en conformidad con la legislaci\u00f3n vigente. Esta pol\u00edtica se aplica a todos los titulares de datos personales tratados por Positivo S+, entre ellos: Candidatos a Empleo, Asociados, Clientes, Proveedores, Socios y Visitantes. <\/span><\/p><h2><b>2. Descripci\u00f3n<\/b><\/h2><h3><span style=\"font-weight: 400;\">2.1. Tratamiento de Datos Personales<\/span><\/h3><p><span style=\"font-weight: 400;\">2.1.1. No contexto geral dos servi\u00e7os realizados pela Positivo S+, os dados pessoais poder\u00e3o vir a ser tratados para os fins listados a seguir, sempre respeitando e observando os princ\u00edpios dispostos na Lei Geral de Prote\u00e7\u00e3o de Dados: <\/span><\/p><ul><li style=\"font-weight: 400;\" aria-level=\"1\"><span style=\"font-weight: 400;\">Vender un producto o servicio, cobrar deudas, resolver dudas, indicar asistencias t\u00e9cnicas o atender solicitudes diversas de clientes, de clientes de sus clientes o de clientes potenciales de estos \u00faltimos.<\/span><\/li><li style=\"font-weight: 400;\" aria-level=\"1\"><span style=\"font-weight: 400;\">Solucionar problemas relacionados con la seguridad de la informaci\u00f3n en el entorno de Positivo S+<\/span><\/li><li style=\"font-weight: 400;\" aria-level=\"1\"><span style=\"font-weight: 400;\">Acceder a informaci\u00f3n de los colaboradores de un equipo, con el objetivo de evaluar los datos y gestionar al equipo.<\/span><\/li><li style=\"font-weight: 400;\" aria-level=\"1\"><span style=\"font-weight: 400;\">Reclutar y seleccionar posibles asociados o incluso descartar curr\u00edculos.<\/span><\/li><li style=\"font-weight: 400;\" aria-level=\"1\"><span style=\"font-weight: 400;\">Aprobar solicitudes de vacaciones, viajes y compras.<\/span><\/li><li style=\"font-weight: 400;\" aria-level=\"1\"><span style=\"font-weight: 400;\">Obtener diversos informes.<\/span><\/li><li style=\"font-weight: 400;\" aria-level=\"1\"><span style=\"font-weight: 400;\">Controlar el acceso f\u00edsico al entorno de Positivo S+, as\u00ed como monitorear estos accesos mediante el sistema interno de grabaciones de seguridad.<\/span><\/li><li style=\"font-weight: 400;\" aria-level=\"1\"><span style=\"font-weight: 400;\">Registrar grabaciones de atenci\u00f3n realizadas por los asociados a sus clientes.<\/span><\/li><li style=\"font-weight: 400;\" aria-level=\"1\"><span style=\"font-weight: 400;\">Crear usuarios dentro del entorno de la red de Positivo S+.<\/span><\/li><li style=\"font-weight: 400;\" aria-level=\"1\"><span style=\"font-weight: 400;\">Actualizar indicadores de las \u00e1reas.<\/span><\/li><li style=\"font-weight: 400;\" aria-level=\"1\"><span style=\"font-weight: 400;\">Gestionar indicadores de niveles de servicio (SLAs).<\/span><\/li><li style=\"font-weight: 400;\" aria-level=\"1\"><span style=\"font-weight: 400;\">Investigar casos internos.<\/span><\/li><li style=\"font-weight: 400;\" aria-level=\"1\"><span style=\"font-weight: 400;\">Generar informes de rendimiento.<\/span><\/li><li style=\"font-weight: 400;\" aria-level=\"1\"><span style=\"font-weight: 400;\">Generar prospectos comerciales (leads).<\/span><\/li><li style=\"font-weight: 400;\" aria-level=\"1\"><span style=\"font-weight: 400;\">Mejorar y aumentar la eficiencia de los servicios prestados.<\/span><\/li><li style=\"font-weight: 400;\" aria-level=\"1\"><span style=\"font-weight: 400;\">Analizar competencias, solicitudes de informaci\u00f3n (RFI), solicitudes de cotizaci\u00f3n (RFQ) y propuestas de licitaci\u00f3n (RFPs).<\/span><\/li><li style=\"font-weight: 400;\" aria-level=\"1\"><span style=\"font-weight: 400;\">Actualizar datos de registro.<\/span><\/li><li style=\"font-weight: 400;\" aria-level=\"1\"><span style=\"font-weight: 400;\">Prospectar nuevos clientes.<\/span><\/li><li style=\"font-weight: 400;\" aria-level=\"1\"><span style=\"font-weight: 400;\">Gestionar procesos judiciales, extrajudiciales y administrativos.<\/span><\/li><li style=\"font-weight: 400;\" aria-level=\"1\"><span style=\"font-weight: 400;\">Formalizar contratos e instrumentos jur\u00eddicos.<\/span><\/li><li style=\"font-weight: 400;\" aria-level=\"1\"><span style=\"font-weight: 400;\">Contratar proveedores y socios.<\/span><\/li><li style=\"font-weight: 400;\" aria-level=\"1\"><span style=\"font-weight: 400;\">Realizar citaciones y notificaciones judiciales y extrajudiciales.<\/span><\/li><\/ul><p><span style=\"font-weight: 400;\">Estos fines se justifican por motivos contractuales, legales o por el inter\u00e9s leg\u00edtimo de Positivo S+.<\/span><\/p><h3><span style=\"font-weight: 400;\">2.2. Datos recopilados, finalidad de la recolecci\u00f3n y bases legales<\/span><\/h3><p><span style=\"font-weight: 400;\">Los datos son recopilados durante diversos tratamientos realizados por Positivo S+ en sus sistemas y servicios. Pueden incluir datos personales como nombre, CPF, RG, correo electr\u00f3nico, direcci\u00f3n, tel\u00e9fono, usuario, datos bancarios, datos relacionados con el contrato de trabajo, datos de autom\u00f3viles, cargo\/profesi\u00f3n, inicio de sesi\u00f3n en la red, escolaridad, fotograf\u00eda, biometr\u00eda, entre otros, siempre con una finalidad espec\u00edfica y legitimaci\u00f3n conforme a la legislaci\u00f3n vigente.<\/span><\/p><p><span style=\"font-weight: 400;\">La tabla detallada sobre los tipos de datos tratados, sus finalidades y legitimaciones puede solicitarse a trav\u00e9s del correo electr\u00f3nico: <\/span><a href=\"dataprivacy@positivosmais.com\"><span style=\"font-weight: 400;\"><span data-teams=\"true\">dataprivacy@positivosmais.com<\/span><\/span><\/a><\/p><h3><span style=\"font-weight: 400;\">2.3. Plazo de retenci\u00f3n de los datos personales<\/span><\/h3><h4><span style=\"font-weight: 400;\">2.3.1. Almacenamiento<\/span><\/h4><p><span style=\"font-weight: 400;\">2.3.1.1. Los datos personales se mantendr\u00e1n durante el per\u00edodo necesario para cumplir con las finalidades del tratamiento. Siempre que sea posible, se proceder\u00e1 a eliminar datos personales innecesarios, excesivos o anonimizados, o cuando lo solicite expresamente el titular de los datos o la Autoridad Nacional. Se conservar\u00e1n las informaciones necesarias para cumplir con obligaciones legales y regulatorias, o para ejercer derechos en demandas administrativas, judiciales o arbitrales.<\/span><\/p><p><span style=\"font-weight: 400;\">2.3.1.2. Almacenamiento f\u00edsico de datos personales<\/span><\/p><p><span style=\"font-weight: 400;\">El almacenamiento f\u00edsico de datos personales mencionado en este \u00edtem tambi\u00e9n respetar\u00e1 los plazos indicados para su debido descarte.<\/span><\/p><h3><span style=\"font-weight: 400;\">2.4. Eliminaci\u00f3n de los Datos<\/span><\/h3><p><span style=\"font-weight: 400;\">Los datos podr\u00e1n ser eliminados antes de los plazos establecidos anteriormente, si as\u00ed lo solicita el titular. No obstante, puede darse el caso de que los datos necesiten conservarse por un per\u00edodo superior, conforme al art\u00edculo 16 de la Ley General de Protecci\u00f3n de Datos, para el cumplimiento de obligaciones legales o regulatorias, la ejecuci\u00f3n de contratos, o la transferencia a terceros (respetando los requisitos de tratamiento de datos dispuestos en la misma ley). Una vez finalizados los plazos y la necesidad legal, los datos ser\u00e1n eliminados mediante m\u00e9todos de descarte seguro o utilizados de forma anonimizada con fines estad\u00edsticos. <\/span><\/p><h3><span style=\"font-weight: 400;\">2.5. Seguridad de los Datos<\/span><\/h3><p><span style=\"font-weight: 400;\">Positivo S+ se compromete a dedicar sus mejores esfuerzos para proteger la informaci\u00f3n, especialmente los datos personales, aplicando y adoptando las medidas administrativas y t\u00e9cnicas necesarias y estableciendo buenas pr\u00e1cticas de gobernanza mediante los recursos disponibles en su \u00e9poca. Adem\u00e1s, exige a sus proveedores y clientes un nivel aceptable de Seguridad de la Informaci\u00f3n, basado en mejores pr\u00e1cticas de mercado y estipulado en cl\u00e1usulas contractuales.<\/span><\/p><h3><span style=\"font-weight: 400;\">2.6. Servidores de Almacenamiento<\/span><\/h3><p><span style=\"font-weight: 400;\">Los datos recopilados ser\u00e1n almacenados en servidores propios de Positivo S+ localizados en Brasil, as\u00ed como en entornos de uso de recursos o servidores en la nube (cloud computing). En este \u00faltimo caso, podr\u00eda ocurrir la transferencia o procesamiento de datos fuera de Brasil, cumpliendo las disposiciones sobre transferencia internacional de datos, conforme al art\u00edculo 33 de la Ley General de Protecci\u00f3n de Datos o dem\u00e1s normas aplicables.<\/span><\/p><h3><span style=\"font-weight: 400;\">2.7. Veracidad de los Datos<\/span><\/h3><p><span style=\"font-weight: 400;\">2.7.1. Positivo S+ no se responsabiliza por la precisi\u00f3n, veracidad o falta de veracidad de las informaciones proporcionadas por el titular de los datos personales, ni por su desactualizaci\u00f3n o los documentos enviados, ya que es responsabilidad exclusiva de quien los proporciona entregarlos con exactitud y\/o mantenerlos actualizados.<\/span><\/p><p><span style=\"font-weight: 400;\">2.7.2. Positivo S+ no est\u00e1 obligada a procesar ni tratar ning\u00fan dato si existen razones para creer que dicho tratamiento podr\u00eda generar infracciones a cualquier legislaci\u00f3n aplicable, o si los datos son utilizados con fines ilegales, il\u00edcitos o contrarios a la moralidad.<\/span><\/p><h3><span style=\"font-weight: 400;\">2.8. Derechos del Titular de los Datos Personales<\/span><\/h3><p><span style=\"font-weight: 400;\">2.8.1. Corresponde a quien recopila los datos garantizar que el titular pueda ejercer sus derechos sobre los datos recopilados.<\/span><\/p><p><span style=\"font-weight: 400;\">2.8.2. El titular tiene derecho a solicitar confirmaci\u00f3n de que sus datos son tratados, acceder a sus datos, corregir aquellos que sean incorrectos, incompletos o desactualizados, solicitar la anonimizaci\u00f3n, bloqueo o eliminaci\u00f3n de datos innecesarios o excesivos, requerir la portabilidad y exigir la eliminaci\u00f3n de sus datos personales. Asimismo, tiene derecho a solicitar detalles sobre con qui\u00e9n se compartieron sus datos, recibir informaci\u00f3n sobre las consecuencias de negar su consentimiento y retirar el consentimiento previamente otorgado, en cualquier momento.<\/span><\/p><p><span style=\"font-weight: 400;\">2.8.3. Toda solicitud debe realizarse mediante un requerimiento expreso del titular o de su representante legalmente constituido. En tales casos, si existe alguna solicitud, reclamaci\u00f3n o cualquier duda respecto a sus respectivos datos personales, el titular o su representante debe contactar directamente al DPO de Positivo S+ en el siguiente enlace:\u00a0<br \/><a href=\"mailto:dataprivacy@positivosmais.com\">dataprivacy@positivosmais.com<\/a><br \/><\/span><\/p><p><span style=\"font-weight: 400;\">2.8.4. En caso de actualizaciones en este documento que requieran una nueva recopilaci\u00f3n de consentimiento, Positivo S+ notificar\u00e1 al titular de los datos personales a trav\u00e9s de los medios de contacto proporcionados.<\/span><\/p><p><span style=\"font-weight: 400;\">2.8.5. Adem\u00e1s, en cualquier situaci\u00f3n, el titular de los datos personales tiene derecho a presentar una reclamaci\u00f3n ante la autoridad competente en materia de protecci\u00f3n de datos.<\/span><\/p><h3><span style=\"font-weight: 400;\">2.9. Compartici\u00f3n de Datos con Terceros<\/span><\/h3><p><span style=\"font-weight: 400;\">2.9.1. Los instrumentos societarios, poderes y copias de documentos personales de los representantes legales de Positivo S+ pueden compartirse por correo electr\u00f3nico con asociados, clientes y proveedores para verificar la autenticidad de las informaciones de identificaci\u00f3n y calificaci\u00f3n.<\/span><\/p><p><span style=\"font-weight: 400;\">2.9.2. Copias f\u00edsicas o digitalizadas de documentos utilizados en procesos, relacionados con citaciones y notificaciones judiciales, extrajudiciales y administrativas, pueden ser solicitadas por Positivo S+ CSC para instruir los procesos y, eventualmente, compartidas con despachos de abogados y peritos externos.<\/span><\/p><p><span style=\"font-weight: 400;\">2.9.3. Podr\u00e1n compartirse documentos personales y de los representantes legales necesarios para elaborar instrumentos jur\u00eddicos, actualizar documentos societarios, o con terceros, como abogados y contadores externos.<\/span><\/p><p><span style=\"font-weight: 400;\">2.9.4. El \u00e1rea jur\u00eddica utiliza informes generados por Positivo S+ CSC para gestionar los provisiones contables necesarias, compartiendo los datos personales incluidos en dichos informes con la contabilidad de Positivo S+ CSC.<\/span><\/p><p><span style=\"font-weight: 400;\">2.9.5. Debido al trabajo con la base de datos de sus clientes, el \u00e1rea de GRC opera con bases de datos compartidas por ellos. Esto involucra una gran cantidad de titulares de datos y datos personales, muchos de los cuales son tratados de forma automatizada o enriquecidos por proveedores de Positivo S+.<\/span><\/p><p><span style=\"font-weight: 400;\">2.9.6. Podr\u00e1n compartirse documentos y datos personales de asociados con clientes de Positivo S+ cuando sea necesario para la ejecuci\u00f3n de contratos o procedimientos preliminares relacionados con un contrato. Si los datos son compartidos mediante portales proporcionados por clientes y\/o proveedores, ser\u00e1 necesaria una evaluaci\u00f3n por parte del \u00e1rea de Seguridad de la Informaci\u00f3n a trav\u00e9s de un registro en la herramienta de gesti\u00f3n de solicitudes vigente.<\/span><\/p><p><span style=\"font-weight: 400;\">2.9.7. Podr\u00e1n compartirse datos personales con autoridades p\u00fablicas y entidades gubernamentales con competencia legal que exijan dicho intercambio, por ejemplo, durante una investigaci\u00f3n. En estos casos, se proceder\u00e1 con la compartici\u00f3n, salvo que se identifique abuso de poder.<\/span><\/p><p><span style=\"font-weight: 400;\">2.9.8. Podr\u00e1n compartirse datos personales con empresas asociadas y proveedores para el desarrollo de actividades y prestaci\u00f3n de servicios respaldados contractualmente.<\/span><\/p><h3><span style=\"font-weight: 400;\">2.10. Transferencia Internacional<\/span><\/h3><p><span style=\"font-weight: 400;\">Los datos personales pueden ser transferidos a otros pa\u00edses en proyectos que involucren servicios en la nube (\u201ccloud\u201d), dado que los servidores del proveedor de este servicio (AWS) est\u00e1n ubicados en los Estados Unidos y Europa. Esto requiere la adecuaci\u00f3n contractual con dicho proveedor para garantizar el cumplimiento del Cap\u00edtulo V de la Ley General de Protecci\u00f3n de Datos.<\/span><\/p><h3><span style=\"font-weight: 400;\">2.11. Env\u00edo de E-mail Marketing y Retiro del Consentimiento<\/span><\/h3><p><span style=\"font-weight: 400;\">2.11.1. La herramienta RD Station tiene como finalidad automatizar las acciones del \u00e1rea de marketing, gestionando el env\u00edo de e-mails marketing tras la generaci\u00f3n de leads.<\/span><\/p><p><span style=\"font-weight: 400;\">2.11.2. Su configuraci\u00f3n es compartida entre Positivo S+ y el proveedor de la soluci\u00f3n cuando el \u00e1rea de marketing realiza los env\u00edos de correos solicitados. Todos los e-mails de marketing permiten que el titular de los datos opte por no recibir m\u00e1s correos (\u201copt-out\u201d). Sin embargo, el titular ser\u00e1 eliminado solo de la lista activa y no de la base de datos de RD Station, salvo que solicite expresamente la eliminaci\u00f3n.<\/span><\/p><p><span style=\"font-weight: 400;\">2.11.3. El titular puede, en cualquier momento, retirar el consentimiento previamente otorgado para el env\u00edo de e-mails de marketing.<\/span><\/p><h3><span style=\"font-weight: 400;\">2.12. Decisiones Automatizadas<\/span><\/h3><p><span style=\"font-weight: 400;\">2.12.1. En relaci\u00f3n con las soluciones de seguridad de Positivo S+, las detecciones pueden realizarse de forma automatizada mediante software de monitoreo implementado internamente.<\/span><\/p><p><span style=\"font-weight: 400;\">2.12.2. Los datos personales necesarios para la creaci\u00f3n de usuarios en Active Directory se acceden de manera automatizada mediante integraci\u00f3n de soluciones internas.<\/span><\/p><p><span style=\"font-weight: 400;\">2.12.3. La herramienta RD Station automatiza las acciones del \u00e1rea de marketing, conforme al punto 2.11.<\/span><\/p><h3><span style=\"font-weight: 400;\">2.13. Datos de Menores de Edad<\/span><\/h3><p><span style=\"font-weight: 400;\">2.13.1. Los contratos laborales de los asociados incluyen disposiciones espec\u00edficas para los dependientes menores de edad, ya que se requiere el consentimiento de los padres o representantes legales para tratar los datos personales de los menores.<\/span><\/p><p><span style=\"font-weight: 400;\">2.13.2. Lo mismo aplica a las visitas de menores de edad a las instalaciones de Positivo S+, donde el representante legal debe firmar un documento de consentimiento para autorizar el tratamiento de los datos del menor.<\/span><\/p><h3><span style=\"font-weight: 400;\">2.14. Datos Sensibles<\/span><\/h3><p><span style=\"font-weight: 400;\">2.14.1. Positivo S+ puede recolectar datos sensibles relacionados con origen racial o \u00e9tnico, convicciones religiosas, opiniones pol\u00edticas, afiliaci\u00f3n sindical, salud, vida, datos gen\u00e9ticos y biom\u00e9tricos. El tratamiento de estos datos cumple estrictamente con la legislaci\u00f3n vigente, respetando su finalidad y las bases legales aplicables. Dichos datos son anonimizados mediante criptograf\u00eda y controles de acceso restringido.<\/span><\/p><p><span style=\"font-weight: 400;\">2.14.2. Los leads tienen como objetivo obtener datos personales de empleados de empresas que tengan poder de decisi\u00f3n o influencia en la contrataci\u00f3n de servicios ofrecidos por Positivo S+.<\/span><\/p><h3><span style=\"font-weight: 400;\">2.15. Notificaci\u00f3n de Incidentes<\/span><\/h3><p><span style=\"font-weight: 400;\">2.15.1. Si Positivo S+ identifica o toma conocimiento de cualquier violaci\u00f3n o incidente que resulte en la destrucci\u00f3n, p\u00e9rdida, alteraci\u00f3n, divulgaci\u00f3n o acceso no autorizado a datos personales durante su tratamiento, se compromete a investigar el incidente, notificar al titular de los datos dentro del plazo legal especificado y tomar medidas razonables para mitigar cualquier da\u00f1o.<\/span><\/p><p><span style=\"font-weight: 400;\">2.15.2. Las notificaciones de incidentes ser\u00e1n enviadas al titular por el medio que Positivo S+ considere adecuado, incluyendo medios electr\u00f3nicos. Por lo tanto, es responsabilidad del titular garantizar que Positivo S+ disponga de informaci\u00f3n de contacto actualizada.<\/span><\/p><p><span style=\"font-weight: 400;\">2.15.3. El titular, sea asociado, proveedor, cliente u otro, que tenga conocimiento de un posible uso indebido, incidente o violaci\u00f3n de sus datos relacionados con los servicios de Positivo S+, deber\u00e1 notificarlo de inmediato.<\/span><\/p><h3><span style=\"font-weight: 400;\">2.16. Legislaci\u00f3n Aplicable y Jurisdicci\u00f3n<\/span><\/h3><p>Esta Pol\u00edtica de Privacidad se regir\u00e1 e interpretar\u00e1 de acuerdo con la legislaci\u00f3n brasile\u00f1a, en idioma portugu\u00e9s.<\/p><h3><span style=\"font-weight: 400;\">2.17. Comunicaci\u00f3n<\/span><\/h3><p>El titular de los datos personales reconoce que toda comunicaci\u00f3n realizada por e-mail, SMS, aplicaciones de mensajer\u00eda instant\u00e1nea u otros medios digitales ser\u00e1 v\u00e1lida como prueba documental. Estos m\u00e9todos ser\u00e1n efectivos y suficientes para divulgar cualquier asunto relacionado con los servicios de Positivo S+, salvo disposici\u00f3n contraria en esta Pol\u00edtica.<\/p><p><span style=\"font-weight: 400;\">Cualquier duda o solicitud podr\u00e1 dirigirse al encargado de protecci\u00f3n de datos\/DPO, Sr. Edilson Rodrigues Braga, a trav\u00e9s del correo electr\u00f3nico: <a href=\"mailto:dataprivacy@positivosmais.com\"><span data-teams=\"true\">dataprivacy@positivosmais.com<\/span><\/a> <\/span><\/p><h2><b>3. Disposiciones Generales<\/b><\/h2><p><span style=\"font-weight: 400;\">Positivo S+ se reserva el derecho de modificar el contenido de esta Pol\u00edtica en cualquier momento, conforme a la finalidad o necesidad, as\u00ed como para garantizar el cumplimiento legal de nuevas disposiciones. Corresponde al titular verificar las actualizaciones en el sitio web <\/span><a href=\"https:\/\/positivosmais.com\/politica-de-privacidade\/\"><span style=\"font-weight: 400;\">https:\/\/positivosmais.com\/politica-de-privacidade\/<\/span><\/a><span style=\"font-weight: 400;\">.<\/span><\/p>\t\t\t\t\t\t\t\t<\/div>\n\t\t\t\t<\/div>\n\t\t\t\t<\/div>\n\t\t\t\t\t<\/div>\n\t\t\t\t<\/div>\n\t\t\t\t<\/div>\n\t\t","protected":false},"excerpt":{"rendered":"<p>1. Objetivo La presente Pol\u00edtica de Privacidad tiene como objetivo evidenciar el compromiso de Positivo S+ con la protecci\u00f3n de la privacidad y de los datos personales en su tratamiento por parte de la organizaci\u00f3n en sus procesos, sistemas y servicios, de tal forma que se establezcan las normas en cuanto a la recolecci\u00f3n, registro, [&hellip;]<\/p>\n","protected":false},"author":1,"featured_media":0,"parent":0,"menu_order":0,"comment_status":"closed","ping_status":"closed","template":"","meta":{"footnotes":""},"class_list":["post-3085","page","type-page","status-publish","hentry"],"_links":{"self":[{"href":"https:\/\/www.positivosmais.com\/es\/wp-json\/wp\/v2\/pages\/3085","targetHints":{"allow":["GET"]}}],"collection":[{"href":"https:\/\/www.positivosmais.com\/es\/wp-json\/wp\/v2\/pages"}],"about":[{"href":"https:\/\/www.positivosmais.com\/es\/wp-json\/wp\/v2\/types\/page"}],"author":[{"embeddable":true,"href":"https:\/\/www.positivosmais.com\/es\/wp-json\/wp\/v2\/users\/1"}],"replies":[{"embeddable":true,"href":"https:\/\/www.positivosmais.com\/es\/wp-json\/wp\/v2\/comments?post=3085"}],"version-history":[{"count":10,"href":"https:\/\/www.positivosmais.com\/es\/wp-json\/wp\/v2\/pages\/3085\/revisions"}],"predecessor-version":[{"id":3513,"href":"https:\/\/www.positivosmais.com\/es\/wp-json\/wp\/v2\/pages\/3085\/revisions\/3513"}],"wp:attachment":[{"href":"https:\/\/www.positivosmais.com\/es\/wp-json\/wp\/v2\/media?parent=3085"}],"curies":[{"name":"wp","href":"https:\/\/api.w.org\/{rel}","templated":true}]}}